{"id":77,"date":"2023-10-31T09:48:59","date_gmt":"2023-10-31T08:48:59","guid":{"rendered":"http:\/\/icf.com.ve\/web\/?page_id=77"},"modified":"2025-09-03T22:06:19","modified_gmt":"2025-09-03T20:06:19","slug":"icf-venezuela","status":"publish","type":"page","link":"https:\/\/icf.com.ve\/web\/icf-venezuela\/","title":{"rendered":"ICF Venezuela"},"content":{"rendered":"\t\t<div data-elementor-type=\"wp-page\" data-elementor-id=\"77\" class=\"elementor elementor-77\" data-elementor-post-type=\"page\">\n\t\t\t\t<div class=\"elementor-element elementor-element-6498ecd e-flex e-con-boxed e-con e-parent\" data-id=\"6498ecd\" data-element_type=\"container\" data-settings=\"{&quot;background_background&quot;:&quot;classic&quot;}\">\n\t\t\t\t\t<div class=\"e-con-inner\">\n\t\t\t\t<div class=\"elementor-element elementor-element-c1dc652 elementor-widget elementor-widget-heading\" data-id=\"c1dc652\" data-element_type=\"widget\" data-widget_type=\"heading.default\">\n\t\t\t\t<div class=\"elementor-widget-container\">\n\t\t\t\t\t<h2 class=\"elementor-heading-title elementor-size-default\">ICF Venezuela<\/h2>\t\t\t\t<\/div>\n\t\t\t\t<\/div>\n\t\t\t\t\t<\/div>\n\t\t\t\t<\/div>\n\t\t<div class=\"elementor-element elementor-element-923a760 e-flex e-con-boxed e-con e-parent\" data-id=\"923a760\" data-element_type=\"container\">\n\t\t\t\t\t<div class=\"e-con-inner\">\n\t\t\t\t<div class=\"elementor-element elementor-element-b4cd7f3 elementor-widget elementor-widget-heading\" data-id=\"b4cd7f3\" data-element_type=\"widget\" data-widget_type=\"heading.default\">\n\t\t\t\t<div class=\"elementor-widget-container\">\n\t\t\t\t\t<h2 class=\"elementor-heading-title elementor-size-default\">Qui\u00e9nes somos<\/h2>\t\t\t\t<\/div>\n\t\t\t\t<\/div>\n\t\t\t\t<div class=\"elementor-element elementor-element-bd06576 elementor-widget elementor-widget-text-editor\" data-id=\"bd06576\" data-element_type=\"widget\" data-widget_type=\"text-editor.default\">\n\t\t\t\t<div class=\"elementor-widget-container\">\n\t\t\t\t\t\t\t\t\t<p>ICF Venezuela es una Asociaci\u00f3n Civil conformada por coaches venezolanos y globales,&nbsp; uniendo talentos en todas partes del mundo, desde el trabajo colaborativo y promoviendo el ejercicio \u00e9tico de la profesi\u00f3n.<\/p>\t\t\t\t\t\t\t\t<\/div>\n\t\t\t\t<\/div>\n\t\t\t\t\t<\/div>\n\t\t\t\t<\/div>\n\t\t<div class=\"elementor-element elementor-element-4086f7f e-flex e-con-boxed e-con e-parent\" data-id=\"4086f7f\" data-element_type=\"container\">\n\t\t\t\t\t<div class=\"e-con-inner\">\n\t\t\t\t<div class=\"elementor-element elementor-element-67c4684 elementor-widget elementor-widget-heading\" data-id=\"67c4684\" data-element_type=\"widget\" data-widget_type=\"heading.default\">\n\t\t\t\t<div class=\"elementor-widget-container\">\n\t\t\t\t\t<h2 class=\"elementor-heading-title elementor-size-default\">Junta Directiva ICF Venezuela\n<\/h2>\t\t\t\t<\/div>\n\t\t\t\t<\/div>\n\t\t\t\t\t<\/div>\n\t\t\t\t<\/div>\n\t\t<div class=\"elementor-element elementor-element-517b0ff e-flex e-con-boxed e-con e-parent\" data-id=\"517b0ff\" data-element_type=\"container\" data-settings=\"{&quot;background_background&quot;:&quot;classic&quot;}\">\n\t\t\t\t\t<div class=\"e-con-inner\">\n\t\t<div class=\"elementor-element elementor-element-734cb2c e-con-full e-flex e-con e-child\" data-id=\"734cb2c\" data-element_type=\"container\">\n\t\t\t\t<div class=\"elementor-element elementor-element-8bd2adb elementor-widget__width-initial elementor-widget elementor-widget-image\" data-id=\"8bd2adb\" data-element_type=\"widget\" data-widget_type=\"image.default\">\n\t\t\t\t<div class=\"elementor-widget-container\">\n\t\t\t\t\t\t\t\t\t\t\t\t\t\t\t<img fetchpriority=\"high\" decoding=\"async\" width=\"1024\" height=\"1024\" src=\"https:\/\/icf.com.ve\/web\/wp-content\/uploads\/2024\/05\/Vicepresidente-Directora-membresias-1-1024x1024.png\" class=\"attachment-large size-large wp-image-370\" alt=\"\" srcset=\"https:\/\/icf.com.ve\/web\/wp-content\/uploads\/2024\/05\/Vicepresidente-Directora-membresias-1-1024x1024.png 1024w, https:\/\/icf.com.ve\/web\/wp-content\/uploads\/2024\/05\/Vicepresidente-Directora-membresias-1-300x300.png 300w, https:\/\/icf.com.ve\/web\/wp-content\/uploads\/2024\/05\/Vicepresidente-Directora-membresias-1-150x150.png 150w, https:\/\/icf.com.ve\/web\/wp-content\/uploads\/2024\/05\/Vicepresidente-Directora-membresias-1-768x768.png 768w, https:\/\/icf.com.ve\/web\/wp-content\/uploads\/2024\/05\/Vicepresidente-Directora-membresias-1.png 1080w\" sizes=\"(max-width: 1024px) 100vw, 1024px\" \/>\t\t\t\t\t\t\t\t\t\t\t\t\t\t\t<\/div>\n\t\t\t\t<\/div>\n\t\t\t\t<div class=\"elementor-element elementor-element-fee4a46 elementor-widget elementor-widget-text-editor\" data-id=\"fee4a46\" data-element_type=\"widget\" data-widget_type=\"text-editor.default\">\n\t\t\t\t<div class=\"elementor-widget-container\">\n\t\t\t\t\t\t\t\t\t<p style=\"text-align: center;\">Dalia Borregales\u00a0<br \/>\u00a0<strong>P<\/strong><b>residente\u00a0<\/b><\/p>\t\t\t\t\t\t\t\t<\/div>\n\t\t\t\t<\/div>\n\t\t\t\t<\/div>\n\t\t<div class=\"elementor-element elementor-element-40cdb9c e-con-full e-flex e-con e-child\" data-id=\"40cdb9c\" data-element_type=\"container\">\n\t\t\t\t<div class=\"elementor-element elementor-element-3e34600 elementor-widget elementor-widget-image\" data-id=\"3e34600\" data-element_type=\"widget\" data-widget_type=\"image.default\">\n\t\t\t\t<div class=\"elementor-widget-container\">\n\t\t\t\t\t\t\t\t\t\t\t\t\t\t\t<img decoding=\"async\" width=\"1024\" height=\"1024\" src=\"https:\/\/icf.com.ve\/web\/wp-content\/uploads\/2024\/05\/Presidente_-_Directora_de_Alianzas-1-1024x1024.png\" class=\"attachment-large size-large wp-image-363\" alt=\"\" srcset=\"https:\/\/icf.com.ve\/web\/wp-content\/uploads\/2024\/05\/Presidente_-_Directora_de_Alianzas-1-1024x1024.png 1024w, https:\/\/icf.com.ve\/web\/wp-content\/uploads\/2024\/05\/Presidente_-_Directora_de_Alianzas-1-300x300.png 300w, https:\/\/icf.com.ve\/web\/wp-content\/uploads\/2024\/05\/Presidente_-_Directora_de_Alianzas-1-150x150.png 150w, https:\/\/icf.com.ve\/web\/wp-content\/uploads\/2024\/05\/Presidente_-_Directora_de_Alianzas-1-768x768.png 768w, https:\/\/icf.com.ve\/web\/wp-content\/uploads\/2024\/05\/Presidente_-_Directora_de_Alianzas-1.png 1080w\" sizes=\"(max-width: 1024px) 100vw, 1024px\" \/>\t\t\t\t\t\t\t\t\t\t\t\t\t\t\t<\/div>\n\t\t\t\t<\/div>\n\t\t\t\t<div class=\"elementor-element elementor-element-25ad347 elementor-widget elementor-widget-text-editor\" data-id=\"25ad347\" data-element_type=\"widget\" data-widget_type=\"text-editor.default\">\n\t\t\t\t<div class=\"elementor-widget-container\">\n\t\t\t\t\t\t\t\t\t<p style=\"text-align: center;\">Leyla Su\u00e1rez<br \/><strong>Vicepresidente \/ <br \/>Past President 2023-2024.<\/strong><\/p>\t\t\t\t\t\t\t\t<\/div>\n\t\t\t\t<\/div>\n\t\t\t\t<\/div>\n\t\t<div class=\"elementor-element elementor-element-cd9fd3f e-con-full e-flex e-con e-child\" data-id=\"cd9fd3f\" data-element_type=\"container\">\n\t\t\t\t<div class=\"elementor-element elementor-element-5d96dc0 elementor-widget elementor-widget-image\" data-id=\"5d96dc0\" data-element_type=\"widget\" data-widget_type=\"image.default\">\n\t\t\t\t<div class=\"elementor-widget-container\">\n\t\t\t\t\t\t\t\t\t\t\t\t\t\t\t<img decoding=\"async\" width=\"1024\" height=\"1024\" src=\"https:\/\/icf.com.ve\/web\/wp-content\/uploads\/2024\/05\/Directora_eventos_y_educacion_-_Directora_de_apoyo_a_las_credenciales-1024x1024.png\" class=\"attachment-large size-large wp-image-374\" alt=\"\" srcset=\"https:\/\/icf.com.ve\/web\/wp-content\/uploads\/2024\/05\/Directora_eventos_y_educacion_-_Directora_de_apoyo_a_las_credenciales-1024x1024.png 1024w, https:\/\/icf.com.ve\/web\/wp-content\/uploads\/2024\/05\/Directora_eventos_y_educacion_-_Directora_de_apoyo_a_las_credenciales-300x300.png 300w, https:\/\/icf.com.ve\/web\/wp-content\/uploads\/2024\/05\/Directora_eventos_y_educacion_-_Directora_de_apoyo_a_las_credenciales-150x150.png 150w, https:\/\/icf.com.ve\/web\/wp-content\/uploads\/2024\/05\/Directora_eventos_y_educacion_-_Directora_de_apoyo_a_las_credenciales-768x768.png 768w, https:\/\/icf.com.ve\/web\/wp-content\/uploads\/2024\/05\/Directora_eventos_y_educacion_-_Directora_de_apoyo_a_las_credenciales.png 1080w\" sizes=\"(max-width: 1024px) 100vw, 1024px\" \/>\t\t\t\t\t\t\t\t\t\t\t\t\t\t\t<\/div>\n\t\t\t\t<\/div>\n\t\t\t\t<div class=\"elementor-element elementor-element-5550dca elementor-widget elementor-widget-text-editor\" data-id=\"5550dca\" data-element_type=\"widget\" data-widget_type=\"text-editor.default\">\n\t\t\t\t<div class=\"elementor-widget-container\">\n\t\t\t\t\t\t\t\t\t<p style=\"text-align: center;\">Myren Losada<br \/>\u00a0<b>Directora eventos <br \/>y educaci\u00f3n<\/b><\/p>\t\t\t\t\t\t\t\t<\/div>\n\t\t\t\t<\/div>\n\t\t\t\t<\/div>\n\t\t\t\t\t<\/div>\n\t\t\t\t<\/div>\n\t\t<div class=\"elementor-element elementor-element-17f218f e-flex e-con-boxed e-con e-parent\" data-id=\"17f218f\" data-element_type=\"container\" data-settings=\"{&quot;background_background&quot;:&quot;classic&quot;}\">\n\t\t\t\t\t<div class=\"e-con-inner\">\n\t\t<div class=\"elementor-element elementor-element-eafaef7 e-con-full e-flex e-con e-child\" data-id=\"eafaef7\" data-element_type=\"container\">\n\t\t\t\t<div class=\"elementor-element elementor-element-34a8daa elementor-widget elementor-widget-image\" data-id=\"34a8daa\" data-element_type=\"widget\" data-widget_type=\"image.default\">\n\t\t\t\t<div class=\"elementor-widget-container\">\n\t\t\t\t\t\t\t\t\t\t\t\t\t\t\t<img loading=\"lazy\" decoding=\"async\" width=\"1024\" height=\"1024\" src=\"https:\/\/icf.com.ve\/web\/wp-content\/uploads\/2024\/05\/Finanzas-Tesorero-1-1024x1024.png\" class=\"attachment-large size-large wp-image-368\" alt=\"\" srcset=\"https:\/\/icf.com.ve\/web\/wp-content\/uploads\/2024\/05\/Finanzas-Tesorero-1-1024x1024.png 1024w, https:\/\/icf.com.ve\/web\/wp-content\/uploads\/2024\/05\/Finanzas-Tesorero-1-300x300.png 300w, https:\/\/icf.com.ve\/web\/wp-content\/uploads\/2024\/05\/Finanzas-Tesorero-1-150x150.png 150w, https:\/\/icf.com.ve\/web\/wp-content\/uploads\/2024\/05\/Finanzas-Tesorero-1-768x768.png 768w, https:\/\/icf.com.ve\/web\/wp-content\/uploads\/2024\/05\/Finanzas-Tesorero-1.png 1080w\" sizes=\"(max-width: 1024px) 100vw, 1024px\" \/>\t\t\t\t\t\t\t\t\t\t\t\t\t\t\t<\/div>\n\t\t\t\t<\/div>\n\t\t\t\t<div class=\"elementor-element elementor-element-5775698 elementor-widget elementor-widget-text-editor\" data-id=\"5775698\" data-element_type=\"widget\" data-widget_type=\"text-editor.default\">\n\t\t\t\t<div class=\"elementor-widget-container\">\n\t\t\t\t\t\t\t\t\t<p style=\"text-align: center;\">Jim Rincones<br \/>\u00a0<b>Finanzas \/ Tesorero\u00a0<\/b><\/p>\t\t\t\t\t\t\t\t<\/div>\n\t\t\t\t<\/div>\n\t\t\t\t<\/div>\n\t\t<div class=\"elementor-element elementor-element-fb15f31 e-con-full e-flex e-con e-child\" data-id=\"fb15f31\" data-element_type=\"container\">\n\t\t\t\t<div class=\"elementor-element elementor-element-312b2e6 elementor-widget elementor-widget-image\" data-id=\"312b2e6\" data-element_type=\"widget\" data-widget_type=\"image.default\">\n\t\t\t\t<div class=\"elementor-widget-container\">\n\t\t\t\t\t\t\t\t\t\t\t\t\t\t\t<img loading=\"lazy\" decoding=\"async\" width=\"1024\" height=\"1024\" src=\"https:\/\/icf.com.ve\/web\/wp-content\/uploads\/2024\/11\/ana_nocerino-1024x1024.png\" class=\"attachment-large size-large wp-image-459\" alt=\"\" srcset=\"https:\/\/icf.com.ve\/web\/wp-content\/uploads\/2024\/11\/ana_nocerino-1024x1024.png 1024w, https:\/\/icf.com.ve\/web\/wp-content\/uploads\/2024\/11\/ana_nocerino-300x300.png 300w, https:\/\/icf.com.ve\/web\/wp-content\/uploads\/2024\/11\/ana_nocerino-150x150.png 150w, https:\/\/icf.com.ve\/web\/wp-content\/uploads\/2024\/11\/ana_nocerino-768x768.png 768w, https:\/\/icf.com.ve\/web\/wp-content\/uploads\/2024\/11\/ana_nocerino.png 1080w\" sizes=\"(max-width: 1024px) 100vw, 1024px\" \/>\t\t\t\t\t\t\t\t\t\t\t\t\t\t\t<\/div>\n\t\t\t\t<\/div>\n\t\t\t\t<div class=\"elementor-element elementor-element-fccf892 elementor-widget elementor-widget-text-editor\" data-id=\"fccf892\" data-element_type=\"widget\" data-widget_type=\"text-editor.default\">\n\t\t\t\t<div class=\"elementor-widget-container\">\n\t\t\t\t\t\t\t\t\t<p style=\"text-align: center;\">Ana Nocerino<br \/>\u00a0<b>Secretaria<\/b><\/p>\t\t\t\t\t\t\t\t<\/div>\n\t\t\t\t<\/div>\n\t\t\t\t<\/div>\n\t\t<div class=\"elementor-element elementor-element-997906c e-con-full e-flex e-con e-child\" data-id=\"997906c\" data-element_type=\"container\">\n\t\t\t\t<div class=\"elementor-element elementor-element-7e4b797 elementor-widget elementor-widget-image\" data-id=\"7e4b797\" data-element_type=\"widget\" data-widget_type=\"image.default\">\n\t\t\t\t<div class=\"elementor-widget-container\">\n\t\t\t\t\t\t\t\t\t\t\t\t\t\t\t<img loading=\"lazy\" decoding=\"async\" width=\"1024\" height=\"1024\" src=\"https:\/\/icf.com.ve\/web\/wp-content\/uploads\/2024\/11\/milva_jaspe-1024x1024.png\" class=\"attachment-large size-large wp-image-460\" alt=\"\" srcset=\"https:\/\/icf.com.ve\/web\/wp-content\/uploads\/2024\/11\/milva_jaspe-1024x1024.png 1024w, https:\/\/icf.com.ve\/web\/wp-content\/uploads\/2024\/11\/milva_jaspe-300x300.png 300w, https:\/\/icf.com.ve\/web\/wp-content\/uploads\/2024\/11\/milva_jaspe-150x150.png 150w, https:\/\/icf.com.ve\/web\/wp-content\/uploads\/2024\/11\/milva_jaspe-768x768.png 768w, https:\/\/icf.com.ve\/web\/wp-content\/uploads\/2024\/11\/milva_jaspe.png 1080w\" sizes=\"(max-width: 1024px) 100vw, 1024px\" \/>\t\t\t\t\t\t\t\t\t\t\t\t\t\t\t<\/div>\n\t\t\t\t<\/div>\n\t\t\t\t<div class=\"elementor-element elementor-element-147888f elementor-widget elementor-widget-text-editor\" data-id=\"147888f\" data-element_type=\"widget\" data-widget_type=\"text-editor.default\">\n\t\t\t\t<div class=\"elementor-widget-container\">\n\t\t\t\t\t\t\t\t\t<p style=\"text-align: center;\">Milva Jaspe<br \/><b>Directora de marketing <br \/>y comunicaciones<\/b><\/p>\t\t\t\t\t\t\t\t<\/div>\n\t\t\t\t<\/div>\n\t\t\t\t<\/div>\n\t\t\t\t\t<\/div>\n\t\t\t\t<\/div>\n\t\t<div class=\"elementor-element elementor-element-55eb87e e-flex e-con-boxed e-con e-parent\" data-id=\"55eb87e\" data-element_type=\"container\" data-settings=\"{&quot;background_background&quot;:&quot;classic&quot;}\">\n\t\t\t\t\t<div class=\"e-con-inner\">\n\t\t<div class=\"elementor-element elementor-element-c63b4e5 e-con-full e-flex e-con e-child\" data-id=\"c63b4e5\" data-element_type=\"container\">\n\t\t\t\t<div class=\"elementor-element elementor-element-589d6ad elementor-widget elementor-widget-image\" data-id=\"589d6ad\" data-element_type=\"widget\" data-widget_type=\"image.default\">\n\t\t\t\t<div class=\"elementor-widget-container\">\n\t\t\t\t\t\t\t\t\t\t\t\t\t\t\t<img loading=\"lazy\" decoding=\"async\" width=\"1024\" height=\"1024\" src=\"https:\/\/icf.com.ve\/web\/wp-content\/uploads\/2024\/11\/maria_francesca_congiu-1024x1024.png\" class=\"attachment-large size-large wp-image-462\" alt=\"\" srcset=\"https:\/\/icf.com.ve\/web\/wp-content\/uploads\/2024\/11\/maria_francesca_congiu-1024x1024.png 1024w, https:\/\/icf.com.ve\/web\/wp-content\/uploads\/2024\/11\/maria_francesca_congiu-300x300.png 300w, https:\/\/icf.com.ve\/web\/wp-content\/uploads\/2024\/11\/maria_francesca_congiu-150x150.png 150w, https:\/\/icf.com.ve\/web\/wp-content\/uploads\/2024\/11\/maria_francesca_congiu-768x768.png 768w, https:\/\/icf.com.ve\/web\/wp-content\/uploads\/2024\/11\/maria_francesca_congiu.png 1080w\" sizes=\"(max-width: 1024px) 100vw, 1024px\" \/>\t\t\t\t\t\t\t\t\t\t\t\t\t\t\t<\/div>\n\t\t\t\t<\/div>\n\t\t\t\t<div class=\"elementor-element elementor-element-6bd083e elementor-widget elementor-widget-text-editor\" data-id=\"6bd083e\" data-element_type=\"widget\" data-widget_type=\"text-editor.default\">\n\t\t\t\t<div class=\"elementor-widget-container\">\n\t\t\t\t\t\t\t\t\t<p style=\"text-align: center;\">Mar\u00eda Francesca Congiu<br \/><strong>Directora de membres\u00edas<\/strong><\/p>\t\t\t\t\t\t\t\t<\/div>\n\t\t\t\t<\/div>\n\t\t\t\t<\/div>\n\t\t<div class=\"elementor-element elementor-element-700a10a e-con-full e-flex e-con e-child\" data-id=\"700a10a\" data-element_type=\"container\">\n\t\t\t\t<div class=\"elementor-element elementor-element-1eb1b1b elementor-widget elementor-widget-image\" data-id=\"1eb1b1b\" data-element_type=\"widget\" data-widget_type=\"image.default\">\n\t\t\t\t<div class=\"elementor-widget-container\">\n\t\t\t\t\t\t\t\t\t\t\t\t\t\t\t<img loading=\"lazy\" decoding=\"async\" width=\"1024\" height=\"1024\" src=\"https:\/\/icf.com.ve\/web\/wp-content\/uploads\/2024\/11\/rony_zarraga-1024x1024.png\" class=\"attachment-large size-large wp-image-461\" alt=\"\" srcset=\"https:\/\/icf.com.ve\/web\/wp-content\/uploads\/2024\/11\/rony_zarraga-1024x1024.png 1024w, https:\/\/icf.com.ve\/web\/wp-content\/uploads\/2024\/11\/rony_zarraga-300x300.png 300w, https:\/\/icf.com.ve\/web\/wp-content\/uploads\/2024\/11\/rony_zarraga-150x150.png 150w, https:\/\/icf.com.ve\/web\/wp-content\/uploads\/2024\/11\/rony_zarraga-768x768.png 768w, https:\/\/icf.com.ve\/web\/wp-content\/uploads\/2024\/11\/rony_zarraga.png 1080w\" sizes=\"(max-width: 1024px) 100vw, 1024px\" \/>\t\t\t\t\t\t\t\t\t\t\t\t\t\t\t<\/div>\n\t\t\t\t<\/div>\n\t\t\t\t<div class=\"elementor-element elementor-element-f12c7d3 elementor-widget elementor-widget-text-editor\" data-id=\"f12c7d3\" data-element_type=\"widget\" data-widget_type=\"text-editor.default\">\n\t\t\t\t<div class=\"elementor-widget-container\">\n\t\t\t\t\t\t\t\t\t<p style=\"text-align: center;\">Rony Zarraga <br \/><strong>Director de Apoyo <br \/>a la Credencializaci\u00f3n<\/strong><\/p>\t\t\t\t\t\t\t\t<\/div>\n\t\t\t\t<\/div>\n\t\t\t\t<\/div>\n\t\t\t\t\t<\/div>\n\t\t\t\t<\/div>\n\t\t<div class=\"elementor-element elementor-element-733a801 e-flex e-con-boxed e-con e-parent\" data-id=\"733a801\" data-element_type=\"container\">\n\t\t\t\t\t<div class=\"e-con-inner\">\n\t\t\t\t<div class=\"elementor-element elementor-element-d683898 elementor-widget elementor-widget-heading\" data-id=\"d683898\" data-element_type=\"widget\" data-widget_type=\"heading.default\">\n\t\t\t\t<div class=\"elementor-widget-container\">\n\t\t\t\t\t<h2 class=\"elementor-heading-title elementor-size-default\">Past expresident  y Past exvicepresident<\/h2>\t\t\t\t<\/div>\n\t\t\t\t<\/div>\n\t\t\t\t\t<\/div>\n\t\t\t\t<\/div>\n\t\t<div class=\"elementor-element elementor-element-0a0dd5a e-flex e-con-boxed e-con e-parent\" data-id=\"0a0dd5a\" data-element_type=\"container\" data-settings=\"{&quot;background_background&quot;:&quot;classic&quot;}\">\n\t\t\t\t\t<div class=\"e-con-inner\">\n\t\t<div class=\"elementor-element elementor-element-ae43daf e-con-full e-flex e-con e-child\" data-id=\"ae43daf\" data-element_type=\"container\">\n\t\t\t\t<div class=\"elementor-element elementor-element-0e9e422 elementor-widget elementor-widget-image\" data-id=\"0e9e422\" data-element_type=\"widget\" data-widget_type=\"image.default\">\n\t\t\t\t<div class=\"elementor-widget-container\">\n\t\t\t\t\t\t\t\t\t\t\t\t\t\t\t<img loading=\"lazy\" decoding=\"async\" width=\"1024\" height=\"1024\" src=\"https:\/\/icf.com.ve\/web\/wp-content\/uploads\/2024\/05\/Past_expresident-1024x1024.png\" class=\"attachment-large size-large wp-image-364\" alt=\"\" srcset=\"https:\/\/icf.com.ve\/web\/wp-content\/uploads\/2024\/05\/Past_expresident-1024x1024.png 1024w, https:\/\/icf.com.ve\/web\/wp-content\/uploads\/2024\/05\/Past_expresident-300x300.png 300w, https:\/\/icf.com.ve\/web\/wp-content\/uploads\/2024\/05\/Past_expresident-150x150.png 150w, https:\/\/icf.com.ve\/web\/wp-content\/uploads\/2024\/05\/Past_expresident-768x768.png 768w, https:\/\/icf.com.ve\/web\/wp-content\/uploads\/2024\/05\/Past_expresident.png 1080w\" sizes=\"(max-width: 1024px) 100vw, 1024px\" \/>\t\t\t\t\t\t\t\t\t\t\t\t\t\t\t<\/div>\n\t\t\t\t<\/div>\n\t\t\t\t<div class=\"elementor-element elementor-element-269e9f0 elementor-widget elementor-widget-text-editor\" data-id=\"269e9f0\" data-element_type=\"widget\" data-widget_type=\"text-editor.default\">\n\t\t\t\t<div class=\"elementor-widget-container\">\n\t\t\t\t\t\t\t\t\t<p style=\"text-align: center;\">Conchita Caparros<br \/>\u00a0<b>Past expresident<\/b><\/p>\t\t\t\t\t\t\t\t<\/div>\n\t\t\t\t<\/div>\n\t\t\t\t<\/div>\n\t\t<div class=\"elementor-element elementor-element-1daee3b e-con-full e-flex e-con e-child\" data-id=\"1daee3b\" data-element_type=\"container\">\n\t\t\t\t<div class=\"elementor-element elementor-element-63f896e elementor-widget elementor-widget-image\" data-id=\"63f896e\" data-element_type=\"widget\" data-widget_type=\"image.default\">\n\t\t\t\t<div class=\"elementor-widget-container\">\n\t\t\t\t\t\t\t\t\t\t\t\t\t\t\t<img loading=\"lazy\" decoding=\"async\" width=\"1024\" height=\"1024\" src=\"https:\/\/icf.com.ve\/web\/wp-content\/uploads\/2024\/11\/torcuato_manzo-1024x1024.png\" class=\"attachment-large size-large wp-image-463\" alt=\"\" srcset=\"https:\/\/icf.com.ve\/web\/wp-content\/uploads\/2024\/11\/torcuato_manzo-1024x1024.png 1024w, https:\/\/icf.com.ve\/web\/wp-content\/uploads\/2024\/11\/torcuato_manzo-300x300.png 300w, https:\/\/icf.com.ve\/web\/wp-content\/uploads\/2024\/11\/torcuato_manzo-150x150.png 150w, https:\/\/icf.com.ve\/web\/wp-content\/uploads\/2024\/11\/torcuato_manzo-768x768.png 768w, https:\/\/icf.com.ve\/web\/wp-content\/uploads\/2024\/11\/torcuato_manzo.png 1080w\" sizes=\"(max-width: 1024px) 100vw, 1024px\" \/>\t\t\t\t\t\t\t\t\t\t\t\t\t\t\t<\/div>\n\t\t\t\t<\/div>\n\t\t\t\t<div class=\"elementor-element elementor-element-b7cea19 elementor-widget elementor-widget-text-editor\" data-id=\"b7cea19\" data-element_type=\"widget\" data-widget_type=\"text-editor.default\">\n\t\t\t\t<div class=\"elementor-widget-container\">\n\t\t\t\t\t\t\t\t\t<p style=\"text-align: center;\">Torcuato Manzo<br \/>\u00a0<b>Past exvicepresident<\/b><\/p>\t\t\t\t\t\t\t\t<\/div>\n\t\t\t\t<\/div>\n\t\t\t\t<\/div>\n\t\t<div class=\"elementor-element elementor-element-a3c4677 e-con-full e-flex e-con e-child\" data-id=\"a3c4677\" data-element_type=\"container\">\n\t\t\t\t<div class=\"elementor-element elementor-element-d240a1c elementor-widget elementor-widget-image\" data-id=\"d240a1c\" data-element_type=\"widget\" data-widget_type=\"image.default\">\n\t\t\t\t<div class=\"elementor-widget-container\">\n\t\t\t\t\t\t\t\t\t\t\t\t\t\t\t<img loading=\"lazy\" decoding=\"async\" width=\"1024\" height=\"1024\" src=\"https:\/\/icf.com.ve\/web\/wp-content\/uploads\/2024\/11\/carolina_rojas-1024x1024.png\" class=\"attachment-large size-large wp-image-464\" alt=\"\" srcset=\"https:\/\/icf.com.ve\/web\/wp-content\/uploads\/2024\/11\/carolina_rojas-1024x1024.png 1024w, https:\/\/icf.com.ve\/web\/wp-content\/uploads\/2024\/11\/carolina_rojas-300x300.png 300w, https:\/\/icf.com.ve\/web\/wp-content\/uploads\/2024\/11\/carolina_rojas-150x150.png 150w, https:\/\/icf.com.ve\/web\/wp-content\/uploads\/2024\/11\/carolina_rojas-768x768.png 768w, https:\/\/icf.com.ve\/web\/wp-content\/uploads\/2024\/11\/carolina_rojas.png 1080w\" sizes=\"(max-width: 1024px) 100vw, 1024px\" \/>\t\t\t\t\t\t\t\t\t\t\t\t\t\t\t<\/div>\n\t\t\t\t<\/div>\n\t\t\t\t<div class=\"elementor-element elementor-element-a17695a elementor-widget elementor-widget-text-editor\" data-id=\"a17695a\" data-element_type=\"widget\" data-widget_type=\"text-editor.default\">\n\t\t\t\t<div class=\"elementor-widget-container\">\n\t\t\t\t\t\t\t\t\t<p style=\"text-align: center;\">Carolina Rojas<br \/>\u00a0<b>Past expresident (\u271e)<\/b><\/p>\t\t\t\t\t\t\t\t<\/div>\n\t\t\t\t<\/div>\n\t\t\t\t<\/div>\n\t\t\t\t\t<\/div>\n\t\t\t\t<\/div>\n\t\t<div class=\"elementor-element elementor-element-cb87927 e-flex e-con-boxed e-con e-parent\" data-id=\"cb87927\" data-element_type=\"container\">\n\t\t\t\t\t<div class=\"e-con-inner\">\n\t\t\t\t<div class=\"elementor-element elementor-element-17ea575 elementor-widget elementor-widget-heading\" data-id=\"17ea575\" data-element_type=\"widget\" data-widget_type=\"heading.default\">\n\t\t\t\t<div class=\"elementor-widget-container\">\n\t\t\t\t\t<h2 class=\"elementor-heading-title elementor-size-default\">Junta Directiva con miembros fundadores <br>  Periodo 2013-2015:<\/h2>\t\t\t\t<\/div>\n\t\t\t\t<\/div>\n\t\t\t\t<div class=\"elementor-element elementor-element-56fc866 elementor-widget elementor-widget-text-editor\" data-id=\"56fc866\" data-element_type=\"widget\" data-widget_type=\"text-editor.default\">\n\t\t\t\t<div class=\"elementor-widget-container\">\n\t\t\t\t\t\t\t\t\t<p style=\"text-align: center;\"><span style=\"color: #30398d;\"><strong>Presidente:<\/strong><\/span> MATILDE ELENA LEAL PERAZZO<br \/><strong><span style=\"color: #30398d;\">Vicepresidente:<\/span><\/strong> CONCEPCION MARIA CAPARROS ORENS<br \/><span style=\"color: #30398d;\"><strong>Tesorero:<\/strong><\/span> ENRIQUE ANTONIO MAIMONE LEAL<br \/><span style=\"color: #30398d;\"><strong>Secretario:<\/strong><\/span> GONZALO P\u00c9REZ PETERSEN<\/p>\t\t\t\t\t\t\t\t<\/div>\n\t\t\t\t<\/div>\n\t\t\t\t<div class=\"elementor-element elementor-element-30ea0e9 elementor-widget elementor-widget-heading\" data-id=\"30ea0e9\" data-element_type=\"widget\" data-widget_type=\"heading.default\">\n\t\t\t\t<div class=\"elementor-widget-container\">\n\t\t\t\t\t<h2 class=\"elementor-heading-title elementor-size-default\">\u00bfQuieres participar activamente en ICF Venezuela?<\/h2>\t\t\t\t<\/div>\n\t\t\t\t<\/div>\n\t\t\t\t<div class=\"elementor-element elementor-element-f50a2e1 elementor-widget elementor-widget-text-editor\" data-id=\"f50a2e1\" data-element_type=\"widget\" data-widget_type=\"text-editor.default\">\n\t\t\t\t<div class=\"elementor-widget-container\">\n\t\t\t\t\t\t\t\t\tDurante todo el a\u00f1o estamos desarrollando proyectos para promover la profesi\u00f3n en Venezuela con la participaci\u00f3n activa de nuestros afiliados.<br\/><br\/>\nSi ya eres afiliado y quieres participar en alguno de nuestros proyectos o quieres aportar una idea, comun\u00edcate con nosotros y se parte activa de nuestra comunidad de coaches.\t\t\t\t\t\t\t\t<\/div>\n\t\t\t\t<\/div>\n\t\t\t\t<div class=\"elementor-element elementor-element-50bc962 elementor-align-center elementor-widget elementor-widget-button\" data-id=\"50bc962\" data-element_type=\"widget\" data-widget_type=\"button.default\">\n\t\t\t\t<div class=\"elementor-widget-container\">\n\t\t\t\t\t\t\t\t\t<div class=\"elementor-button-wrapper\">\n\t\t\t\t\t<a class=\"elementor-button elementor-button-link elementor-size-sm\" href=\"http:\/\/icf.com.ve\/web\/afiliacion-y-membresias\">\n\t\t\t\t\t\t<span class=\"elementor-button-content-wrapper\">\n\t\t\t\t\t\t\t\t\t<span class=\"elementor-button-text\">\u00a1UNETE!<\/span>\n\t\t\t\t\t<\/span>\n\t\t\t\t\t<\/a>\n\t\t\t\t<\/div>\n\t\t\t\t\t\t\t\t<\/div>\n\t\t\t\t<\/div>\n\t\t\t\t\t<\/div>\n\t\t\t\t<\/div>\n\t\t\t\t<\/div>\n\t\t","protected":false},"excerpt":{"rendered":"<p>ICF Venezuela Qui\u00e9nes somos ICF Venezuela es una Asociaci\u00f3n Civil conformada por coaches venezolanos y globales,&nbsp; uniendo talentos en todas partes del mundo, desde el trabajo colaborativo y promoviendo el ejercicio \u00e9tico de la profesi\u00f3n. Junta Directiva ICF Venezuela Dalia Borregales\u00a0\u00a0Presidente\u00a0 Leyla Su\u00e1rezVicepresidente \/ Past President 2023-2024. Myren Losada\u00a0Directora eventos y educaci\u00f3n Jim Rincones\u00a0Finanzas \/ [&hellip;]<\/p>\n","protected":false},"author":1,"featured_media":0,"parent":0,"menu_order":0,"comment_status":"closed","ping_status":"closed","template":"","meta":{"site-sidebar-layout":"no-sidebar","site-content-layout":"","ast-site-content-layout":"full-width-container","site-content-style":"default","site-sidebar-style":"default","ast-global-header-display":"","ast-banner-title-visibility":"","ast-main-header-display":"","ast-hfb-above-header-display":"","ast-hfb-below-header-display":"","ast-hfb-mobile-header-display":"","site-post-title":"disabled","ast-breadcrumbs-content":"","ast-featured-img":"disabled","footer-sml-layout":"","theme-transparent-header-meta":"","adv-header-id-meta":"","stick-header-meta":"","header-above-stick-meta":"","header-main-stick-meta":"","header-below-stick-meta":"","astra-migrate-meta-layouts":"default","ast-page-background-enabled":"default","ast-page-background-meta":{"desktop":{"background-color":"var(--ast-global-color-4)","background-image":"","background-repeat":"repeat","background-position":"center center","background-size":"auto","background-attachment":"scroll","background-type":"","background-media":"","overlay-type":"","overlay-color":"","overlay-opacity":"","overlay-gradient":""},"tablet":{"background-color":"","background-image":"","background-repeat":"repeat","background-position":"center center","background-size":"auto","background-attachment":"scroll","background-type":"","background-media":"","overlay-type":"","overlay-color":"","overlay-opacity":"","overlay-gradient":""},"mobile":{"background-color":"","background-image":"","background-repeat":"repeat","background-position":"center center","background-size":"auto","background-attachment":"scroll","background-type":"","background-media":"","overlay-type":"","overlay-color":"","overlay-opacity":"","overlay-gradient":""}},"ast-content-background-meta":{"desktop":{"background-color":"var(--ast-global-color-5)","background-image":"","background-repeat":"repeat","background-position":"center center","background-size":"auto","background-attachment":"scroll","background-type":"","background-media":"","overlay-type":"","overlay-color":"","overlay-opacity":"","overlay-gradient":""},"tablet":{"background-color":"var(--ast-global-color-5)","background-image":"","background-repeat":"repeat","background-position":"center center","background-size":"auto","background-attachment":"scroll","background-type":"","background-media":"","overlay-type":"","overlay-color":"","overlay-opacity":"","overlay-gradient":""},"mobile":{"background-color":"var(--ast-global-color-5)","background-image":"","background-repeat":"repeat","background-position":"center center","background-size":"auto","background-attachment":"scroll","background-type":"","background-media":"","overlay-type":"","overlay-color":"","overlay-opacity":"","overlay-gradient":""}},"footnotes":""},"class_list":["post-77","page","type-page","status-publish","hentry"],"_links":{"self":[{"href":"https:\/\/icf.com.ve\/web\/wp-json\/wp\/v2\/pages\/77","targetHints":{"allow":["GET"]}}],"collection":[{"href":"https:\/\/icf.com.ve\/web\/wp-json\/wp\/v2\/pages"}],"about":[{"href":"https:\/\/icf.com.ve\/web\/wp-json\/wp\/v2\/types\/page"}],"author":[{"embeddable":true,"href":"https:\/\/icf.com.ve\/web\/wp-json\/wp\/v2\/users\/1"}],"replies":[{"embeddable":true,"href":"https:\/\/icf.com.ve\/web\/wp-json\/wp\/v2\/comments?post=77"}],"version-history":[{"count":52,"href":"https:\/\/icf.com.ve\/web\/wp-json\/wp\/v2\/pages\/77\/revisions"}],"predecessor-version":[{"id":638,"href":"https:\/\/icf.com.ve\/web\/wp-json\/wp\/v2\/pages\/77\/revisions\/638"}],"wp:attachment":[{"href":"https:\/\/icf.com.ve\/web\/wp-json\/wp\/v2\/media?parent=77"}],"curies":[{"name":"wp","href":"https:\/\/api.w.org\/{rel}","templated":true}]}}